{"id":3321,"date":"2021-09-27T17:01:55","date_gmt":"2021-09-27T17:01:55","guid":{"rendered":"https:\/\/metmann.com.185-176-9-81.185-176-9-81.visualpublinet.com\/project\/climatitzacio-evaporativa-en-hivernacle-de-melons-i-patates-franca\/"},"modified":"2021-09-27T17:01:55","modified_gmt":"2021-09-27T17:01:55","slug":"climatitzacio-evaporativa-en-hivernacle-de-melons-i-patates-franca","status":"publish","type":"project","link":"https:\/\/www.metmann.com\/ca\/project\/climatitzacio-evaporativa-en-hivernacle-de-melons-i-patates-franca\/","title":{"rendered":"Climatitzaci\u00f3 evaporativa en hivernacle de melons i patates &#8211; Fran\u00e7a"},"content":{"rendered":"<p>Hem realitzat el subministrament de 12 refredadors evaporatius del model AD-20-H (20.000 m \/ h) en un hivernacle dedicat al cultiu de melons i patates.<br \/> &nbsp;<br \/> La climatitzaci\u00f3 d&prime;hivernacles de cultiu de plantes i hortalisses &eacute;s cada vegada m&eacute;s important en les estacions caloroses i un bon sistema de climatitzaci\u00f3, assegura una correcta producci\u00f3 mitigant les altes temperatures exteriors.<br \/> &nbsp;<br \/> El nostre sistema de climatitzaci\u00f3 evaporativa &eacute;s un sistema totalment natural on aportem aire fresc amb un grau d&prime;humitat adequat per climatitzar tot tipus d&prime;hivernacles o naus industrials.<br \/> &nbsp;<br \/> Els sistemes de climatitzaci\u00f3 evaporativa destaquen pel seu baix consum energ\u00e8tic, renovaci\u00f3 constant de l&prime;aire interior del local a climatitzar i una aportaci\u00f3 d&prime;humitat a l&prime;ambient que &eacute;s molt apreciada sobretot en el cultiu de plantes i hortalisses.<br \/> &nbsp;<br \/> Amb m&eacute;s de 50 anys d&prime;experi\u00e8ncia en la fabricaci\u00f3 de sistemes de climatitzaci\u00f3, la nostra gamma de refredadors evaporatius s\u00f3n molt valorats per les seves prestacions, durabilitat i fiabilitat de funcionament.  <\/p>\n<div>&nbsp;<\/div>\n<p><img decoding=\"async\" src=\"https:\/\/www.metmann.com\/wp-content\/uploads\/2021\/09\/1.jpg\" alt=\"\" style=\"margin-top:0px;margin-right:0px;margin-bottom:0px;margin-left:0px;;width:350px;;height:263px;\" border=\"0\" \/> <\/p>\n<div>&nbsp;<\/div>\n<div><img decoding=\"async\" src=\"https:\/\/www.metmann.com\/wp-content\/uploads\/2021\/09\/2.jpg\" alt=\"\" style=\"margin-top:0px;margin-right:0px;margin-bottom:0px;margin-left:0px;;width:350px;;height:263px;\" border=\"0\" \/><\/div>\n<div>&nbsp;<\/div>\n<p><img decoding=\"async\" src=\"https:\/\/www.metmann.com\/wp-content\/uploads\/2021\/09\/IMG_20190807_154806_resized_20190807_040236785.jpg\" alt=\"\" style=\"margin-top:0px;margin-right:0px;margin-bottom:0px;margin-left:0px;;width:350px;;height:263px;\" border=\"0\" \/> <\/p>\n<div>&nbsp;<\/div>\n<p><span style=\"font-weight: bold;\">M&eacute;s informaci\u00f3 al Tel. +34 93 851 15 99<\/span><span style=\"font-weight: bold;\"><\/span><\/p>\n","protected":false},"excerpt":{"rendered":"<div>Instal\u00b7laci\u00f3 de 12 refredadors evaporatius AD-20-H en un hivernacle dedicat al cultiu de melons i patates a Fran\u00e7a.\n\t<\/div>\n","protected":false},"author":1,"featured_media":3207,"comment_status":"open","ping_status":"open","template":"","meta":{"_acf_changed":false,"_et_pb_use_builder":"on","_et_pb_old_content":"","_et_gb_content_width":"","_joinchat":[],"footnotes":""},"project_category":[],"project_tag":[],"acf":[],"yoast_head":"<!-- This site is optimized with the Yoast SEO plugin v22.6 - https:\/\/yoast.com\/wordpress\/plugins\/seo\/ -->\r\n<title>Climatitzaci\u00f3 evaporativa en hivernacle de melons i patates a Fran\u00e7a | MET MANN<\/title>\r\n<meta name=\"description\" content=\"Climatitzaci\u00f3 evaporativa en hivernacle de melons i patates a Fran\u00e7a amb el subministrament de 12 refredadors del nostre model AD-20-H amb un cabal unitari de 20.000 m3 \/ h | MET MANN\" \/>\r\n<meta name=\"robots\" content=\"index, follow, max-snippet:-1, max-image-preview:large, max-video-preview:-1\" \/>\r\n<link rel=\"canonical\" href=\"https:\/\/www.metmann.com\/ca\/project\/climatitzacio-evaporativa-en-hivernacle-de-melons-i-patates-franca\/\" \/>\r\n<meta property=\"og:locale\" content=\"ca_ES\" \/>\r\n<meta property=\"og:type\" content=\"article\" \/>\r\n<meta property=\"og:title\" content=\"Climatitzaci\u00f3 evaporativa en hivernacle de melons i patates a Fran\u00e7a | MET MANN\" \/>\r\n<meta property=\"og:description\" content=\"Climatitzaci\u00f3 evaporativa en hivernacle de melons i patates a Fran\u00e7a amb el subministrament de 12 refredadors del nostre model AD-20-H amb un cabal unitari de 20.000 m3 \/ h | MET MANN\" \/>\r\n<meta property=\"og:url\" content=\"https:\/\/www.metmann.com\/ca\/project\/climatitzacio-evaporativa-en-hivernacle-de-melons-i-patates-franca\/\" \/>\r\n<meta property=\"og:site_name\" content=\"MET MANN\" \/>\r\n<meta property=\"og:image\" content=\"https:\/\/www.metmann.com\/wp-content\/uploads\/2021\/09\/1568705027_8gbQ.jpg\" \/>\r\n<meta name=\"twitter:card\" content=\"summary_large_image\" \/>\r\n<meta name=\"twitter:title\" content=\"Climatitzaci\u00f3 evaporativa en hivernacle de melons i patates a Fran\u00e7a | MET MANN\" \/>\r\n<meta name=\"twitter:description\" content=\"Climatitzaci\u00f3 evaporativa en hivernacle de melons i patates a Fran\u00e7a amb el subministrament de 12 refredadors del nostre model AD-20-H amb un cabal unitari de 20.000 m3 \/ h | MET MANN\" \/>\r\n<meta name=\"twitter:image\" content=\"https:\/\/www.metmann.com\/wp-content\/uploads\/2021\/09\/1568705027_8gbQ.jpg\" \/>\r\n<meta name=\"twitter:label1\" content=\"Temps estimat de lectura\" \/>\n\t<meta name=\"twitter:data1\" content=\"1 minut\" \/>\r\n<script type=\"application\/ld+json\" class=\"yoast-schema-graph\">{\"@context\":\"https:\/\/schema.org\",\"@graph\":[{\"@type\":\"WebPage\",\"@id\":\"https:\/\/www.metmann.com\/ca\/project\/climatitzacio-evaporativa-en-hivernacle-de-melons-i-patates-franca\/\",\"url\":\"https:\/\/www.metmann.com\/ca\/project\/climatitzacio-evaporativa-en-hivernacle-de-melons-i-patates-franca\/\",\"name\":\"Climatitzaci\u00f3 evaporativa en hivernacle de melons i patates a Fran\u00e7a | MET MANN\",\"isPartOf\":{\"@id\":\"https:\/\/www.metmann.com\/ca\/#website\"},\"primaryImageOfPage\":{\"@id\":\"https:\/\/www.metmann.com\/ca\/project\/climatitzacio-evaporativa-en-hivernacle-de-melons-i-patates-franca\/#primaryimage\"},\"image\":{\"@id\":\"https:\/\/www.metmann.com\/ca\/project\/climatitzacio-evaporativa-en-hivernacle-de-melons-i-patates-franca\/#primaryimage\"},\"thumbnailUrl\":\"https:\/\/www.metmann.com\/wp-content\/uploads\/2021\/09\/1568705027_8gbQ.jpg\",\"datePublished\":\"2021-09-27T17:01:55+00:00\",\"dateModified\":\"2021-09-27T17:01:55+00:00\",\"description\":\"Climatitzaci\u00f3 evaporativa en hivernacle de melons i patates a Fran\u00e7a amb el subministrament de 12 refredadors del nostre model AD-20-H amb un cabal unitari de 20.000 m3 \/ h | MET MANN\",\"breadcrumb\":{\"@id\":\"https:\/\/www.metmann.com\/ca\/project\/climatitzacio-evaporativa-en-hivernacle-de-melons-i-patates-franca\/#breadcrumb\"},\"inLanguage\":\"ca\",\"potentialAction\":[{\"@type\":\"ReadAction\",\"target\":[\"https:\/\/www.metmann.com\/ca\/project\/climatitzacio-evaporativa-en-hivernacle-de-melons-i-patates-franca\/\"]}]},{\"@type\":\"ImageObject\",\"inLanguage\":\"ca\",\"@id\":\"https:\/\/www.metmann.com\/ca\/project\/climatitzacio-evaporativa-en-hivernacle-de-melons-i-patates-franca\/#primaryimage\",\"url\":\"https:\/\/www.metmann.com\/wp-content\/uploads\/2021\/09\/1568705027_8gbQ.jpg\",\"contentUrl\":\"https:\/\/www.metmann.com\/wp-content\/uploads\/2021\/09\/1568705027_8gbQ.jpg\",\"width\":600,\"height\":450},{\"@type\":\"BreadcrumbList\",\"@id\":\"https:\/\/www.metmann.com\/ca\/project\/climatitzacio-evaporativa-en-hivernacle-de-melons-i-patates-franca\/#breadcrumb\",\"itemListElement\":[{\"@type\":\"ListItem\",\"position\":1,\"name\":\"Inicio\",\"item\":\"https:\/\/www.metmann.com\/ca\/\"},{\"@type\":\"ListItem\",\"position\":2,\"name\":\"Projects\",\"item\":\"https:\/\/www.metmann.com\/ca\/project\/\"},{\"@type\":\"ListItem\",\"position\":3,\"name\":\"Climatitzaci\u00f3 evaporativa en hivernacle de melons i patates &#8211; Fran\u00e7a\"}]},{\"@type\":\"WebSite\",\"@id\":\"https:\/\/www.metmann.com\/ca\/#website\",\"url\":\"https:\/\/www.metmann.com\/ca\/\",\"name\":\"MET MANN\",\"description\":\"Climatizaci\u00f3n industrial, Calefactores y Ventilaci\u00f3n para empresas\",\"publisher\":{\"@id\":\"https:\/\/www.metmann.com\/ca\/#organization\"},\"potentialAction\":[{\"@type\":\"SearchAction\",\"target\":{\"@type\":\"EntryPoint\",\"urlTemplate\":\"https:\/\/www.metmann.com\/ca\/?s={search_term_string}\"},\"query-input\":\"required name=search_term_string\"}],\"inLanguage\":\"ca\"},{\"@type\":\"Organization\",\"@id\":\"https:\/\/www.metmann.com\/ca\/#organization\",\"name\":\"Met Mann\",\"url\":\"https:\/\/www.metmann.com\/ca\/\",\"logo\":{\"@type\":\"ImageObject\",\"inLanguage\":\"ca\",\"@id\":\"https:\/\/www.metmann.com\/ca\/#\/schema\/logo\/image\/\",\"url\":\"https:\/\/www.metmann.com\/wp-content\/uploads\/2021\/12\/logo-color-met-mann-01.jpg\",\"contentUrl\":\"https:\/\/www.metmann.com\/wp-content\/uploads\/2021\/12\/logo-color-met-mann-01.jpg\",\"width\":351,\"height\":133,\"caption\":\"Met Mann\"},\"image\":{\"@id\":\"https:\/\/www.metmann.com\/ca\/#\/schema\/logo\/image\/\"}}]}<\/script>\r\n<!-- \/ Yoast SEO plugin. -->","yoast_head_json":{"title":"Climatitzaci\u00f3 evaporativa en hivernacle de melons i patates a Fran\u00e7a | MET MANN","description":"Climatitzaci\u00f3 evaporativa en hivernacle de melons i patates a Fran\u00e7a amb el subministrament de 12 refredadors del nostre model AD-20-H amb un cabal unitari de 20.000 m3 \/ h | MET MANN","robots":{"index":"index","follow":"follow","max-snippet":"max-snippet:-1","max-image-preview":"max-image-preview:large","max-video-preview":"max-video-preview:-1"},"canonical":"https:\/\/www.metmann.com\/ca\/project\/climatitzacio-evaporativa-en-hivernacle-de-melons-i-patates-franca\/","og_locale":"ca_ES","og_type":"article","og_title":"Climatitzaci\u00f3 evaporativa en hivernacle de melons i patates a Fran\u00e7a | MET MANN","og_description":"Climatitzaci\u00f3 evaporativa en hivernacle de melons i patates a Fran\u00e7a amb el subministrament de 12 refredadors del nostre model AD-20-H amb un cabal unitari de 20.000 m3 \/ h | MET MANN","og_url":"https:\/\/www.metmann.com\/ca\/project\/climatitzacio-evaporativa-en-hivernacle-de-melons-i-patates-franca\/","og_site_name":"MET MANN","og_image":[{"url":"https:\/\/www.metmann.com\/wp-content\/uploads\/2021\/09\/1568705027_8gbQ.jpg"}],"twitter_card":"summary_large_image","twitter_title":"Climatitzaci\u00f3 evaporativa en hivernacle de melons i patates a Fran\u00e7a | MET MANN","twitter_description":"Climatitzaci\u00f3 evaporativa en hivernacle de melons i patates a Fran\u00e7a amb el subministrament de 12 refredadors del nostre model AD-20-H amb un cabal unitari de 20.000 m3 \/ h | MET MANN","twitter_image":"https:\/\/www.metmann.com\/wp-content\/uploads\/2021\/09\/1568705027_8gbQ.jpg","twitter_misc":{"Temps estimat de lectura":"1 minut"},"schema":{"@context":"https:\/\/schema.org","@graph":[{"@type":"WebPage","@id":"https:\/\/www.metmann.com\/ca\/project\/climatitzacio-evaporativa-en-hivernacle-de-melons-i-patates-franca\/","url":"https:\/\/www.metmann.com\/ca\/project\/climatitzacio-evaporativa-en-hivernacle-de-melons-i-patates-franca\/","name":"Climatitzaci\u00f3 evaporativa en hivernacle de melons i patates a Fran\u00e7a | MET MANN","isPartOf":{"@id":"https:\/\/www.metmann.com\/ca\/#website"},"primaryImageOfPage":{"@id":"https:\/\/www.metmann.com\/ca\/project\/climatitzacio-evaporativa-en-hivernacle-de-melons-i-patates-franca\/#primaryimage"},"image":{"@id":"https:\/\/www.metmann.com\/ca\/project\/climatitzacio-evaporativa-en-hivernacle-de-melons-i-patates-franca\/#primaryimage"},"thumbnailUrl":"https:\/\/www.metmann.com\/wp-content\/uploads\/2021\/09\/1568705027_8gbQ.jpg","datePublished":"2021-09-27T17:01:55+00:00","dateModified":"2021-09-27T17:01:55+00:00","description":"Climatitzaci\u00f3 evaporativa en hivernacle de melons i patates a Fran\u00e7a amb el subministrament de 12 refredadors del nostre model AD-20-H amb un cabal unitari de 20.000 m3 \/ h | MET MANN","breadcrumb":{"@id":"https:\/\/www.metmann.com\/ca\/project\/climatitzacio-evaporativa-en-hivernacle-de-melons-i-patates-franca\/#breadcrumb"},"inLanguage":"ca","potentialAction":[{"@type":"ReadAction","target":["https:\/\/www.metmann.com\/ca\/project\/climatitzacio-evaporativa-en-hivernacle-de-melons-i-patates-franca\/"]}]},{"@type":"ImageObject","inLanguage":"ca","@id":"https:\/\/www.metmann.com\/ca\/project\/climatitzacio-evaporativa-en-hivernacle-de-melons-i-patates-franca\/#primaryimage","url":"https:\/\/www.metmann.com\/wp-content\/uploads\/2021\/09\/1568705027_8gbQ.jpg","contentUrl":"https:\/\/www.metmann.com\/wp-content\/uploads\/2021\/09\/1568705027_8gbQ.jpg","width":600,"height":450},{"@type":"BreadcrumbList","@id":"https:\/\/www.metmann.com\/ca\/project\/climatitzacio-evaporativa-en-hivernacle-de-melons-i-patates-franca\/#breadcrumb","itemListElement":[{"@type":"ListItem","position":1,"name":"Inicio","item":"https:\/\/www.metmann.com\/ca\/"},{"@type":"ListItem","position":2,"name":"Projects","item":"https:\/\/www.metmann.com\/ca\/project\/"},{"@type":"ListItem","position":3,"name":"Climatitzaci\u00f3 evaporativa en hivernacle de melons i patates &#8211; Fran\u00e7a"}]},{"@type":"WebSite","@id":"https:\/\/www.metmann.com\/ca\/#website","url":"https:\/\/www.metmann.com\/ca\/","name":"MET MANN","description":"Climatizaci\u00f3n industrial, Calefactores y Ventilaci\u00f3n para empresas","publisher":{"@id":"https:\/\/www.metmann.com\/ca\/#organization"},"potentialAction":[{"@type":"SearchAction","target":{"@type":"EntryPoint","urlTemplate":"https:\/\/www.metmann.com\/ca\/?s={search_term_string}"},"query-input":"required name=search_term_string"}],"inLanguage":"ca"},{"@type":"Organization","@id":"https:\/\/www.metmann.com\/ca\/#organization","name":"Met Mann","url":"https:\/\/www.metmann.com\/ca\/","logo":{"@type":"ImageObject","inLanguage":"ca","@id":"https:\/\/www.metmann.com\/ca\/#\/schema\/logo\/image\/","url":"https:\/\/www.metmann.com\/wp-content\/uploads\/2021\/12\/logo-color-met-mann-01.jpg","contentUrl":"https:\/\/www.metmann.com\/wp-content\/uploads\/2021\/12\/logo-color-met-mann-01.jpg","width":351,"height":133,"caption":"Met Mann"},"image":{"@id":"https:\/\/www.metmann.com\/ca\/#\/schema\/logo\/image\/"}}]}},"_links":{"self":[{"href":"https:\/\/www.metmann.com\/ca\/wp-json\/wp\/v2\/project\/3321"}],"collection":[{"href":"https:\/\/www.metmann.com\/ca\/wp-json\/wp\/v2\/project"}],"about":[{"href":"https:\/\/www.metmann.com\/ca\/wp-json\/wp\/v2\/types\/project"}],"author":[{"embeddable":true,"href":"https:\/\/www.metmann.com\/ca\/wp-json\/wp\/v2\/users\/1"}],"replies":[{"embeddable":true,"href":"https:\/\/www.metmann.com\/ca\/wp-json\/wp\/v2\/comments?post=3321"}],"version-history":[{"count":0,"href":"https:\/\/www.metmann.com\/ca\/wp-json\/wp\/v2\/project\/3321\/revisions"}],"wp:featuredmedia":[{"embeddable":true,"href":"https:\/\/www.metmann.com\/ca\/wp-json\/wp\/v2\/media\/3207"}],"wp:attachment":[{"href":"https:\/\/www.metmann.com\/ca\/wp-json\/wp\/v2\/media?parent=3321"}],"wp:term":[{"taxonomy":"project_category","embeddable":true,"href":"https:\/\/www.metmann.com\/ca\/wp-json\/wp\/v2\/project_category?post=3321"},{"taxonomy":"project_tag","embeddable":true,"href":"https:\/\/www.metmann.com\/ca\/wp-json\/wp\/v2\/project_tag?post=3321"}],"curies":[{"name":"wp","href":"https:\/\/api.w.org\/{rel}","templated":true}]}}