{"id":19289,"date":"2020-02-17T09:27:38","date_gmt":"2020-02-17T09:27:38","guid":{"rendered":"https:\/\/metmann.com.185-176-9-81.185-176-9-81.visualpublinet.com\/politica-de-privacidad\/"},"modified":"2026-04-24T09:31:13","modified_gmt":"2026-04-24T07:31:13","slug":"politica-de-privacidad","status":"publish","type":"page","link":"https:\/\/www.metmann.com\/pt-pt\/politica-de-privacidad\/","title":{"rendered":"POL\u00cdTICA DE PRIVACIDADE E PROTE\u00c7\u00c3O DE DADOS"},"content":{"rendered":"<p>[et_pb_section fb_built=&#8221;1&#8243; admin_label=&#8221;Section&#8221; module_class=&#8221;cabecera-general&#8221; _builder_version=&#8221;4.16&#8243; _module_preset=&#8221;default&#8221; background_color=&#8221;#f4f4f4&#8243; use_background_color_gradient=&#8221;on&#8221; background_color_gradient_direction=&#8221;124deg&#8221; background_color_gradient_stops=&#8221;#e5e5e5 75%|#fbc201 75%&#8221; background_color_gradient_start=&#8221;#e5e5e5&#8243; background_color_gradient_start_position=&#8221;75%&#8221; background_color_gradient_end=&#8221;#fbc201&#8243; background_color_gradient_end_position=&#8221;75%&#8221; custom_margin=&#8221;0px||0px||false|false&#8221; custom_margin_tablet=&#8221;||50px||false|false&#8221; custom_margin_last_edited=&#8221;off|desktop&#8221; custom_padding=&#8221;2%||2%||true|false&#8221; animation_style=&#8221;slide&#8221; animation_direction=&#8221;top&#8221; da_disable_devices=&#8221;off|off|off&#8221; global_colors_info=&#8221;{}&#8221; global_module=&#8221;35355&#8243; theme_builder_area=&#8221;post_content&#8221; da_is_popup=&#8221;off&#8221; da_exit_intent=&#8221;off&#8221; da_has_close=&#8221;on&#8221; da_alt_close=&#8221;off&#8221; da_dark_close=&#8221;off&#8221; da_not_modal=&#8221;on&#8221; da_is_singular=&#8221;off&#8221; da_with_loader=&#8221;off&#8221; da_has_shadow=&#8221;on&#8221;][et_pb_row _builder_version=&#8221;4.16&#8243; _module_preset=&#8221;default&#8221; width_tablet=&#8221;90%&#8221; width_phone=&#8221;&#8221; width_last_edited=&#8221;on|tablet&#8221; custom_margin=&#8221;0px||0px||false|false&#8221; custom_padding=&#8221;0px||0px||false|false&#8221; global_colors_info=&#8221;{}&#8221; width__hover_enabled=&#8221;off|desktop&#8221; theme_builder_area=&#8221;post_content&#8221;][et_pb_column type=&#8221;4_4&#8243; _builder_version=&#8221;4.16&#8243; _module_preset=&#8221;default&#8221; global_colors_info=&#8221;{}&#8221; theme_builder_area=&#8221;post_content&#8221;][et_pb_code _builder_version=&#8221;4.25.1&#8243; _module_preset=&#8221;default&#8221; custom_margin=&#8221;||16px||false|false&#8221; animation_style=&#8221;slide&#8221; animation_direction=&#8221;left&#8221; global_colors_info=&#8221;{}&#8221; theme_builder_area=&#8221;post_content&#8221;]<\/p>\n<div class=\"migas\"><!-- [et_pb_line_break_holder] -->  <span><span><a href=\"https:\/\/www.metmann.com\/pt-pt\/\">Inicio<\/a><\/span><\/span><!-- [et_pb_line_break_holder] --><\/div>\n<p>[\/et_pb_code][et_pb_post_title meta=&#8221;off&#8221; featured_image=&#8221;off&#8221; _builder_version=&#8221;4.25.1&#8243; _module_preset=&#8221;default&#8221; global_colors_info=&#8221;{}&#8221; theme_builder_area=&#8221;post_content&#8221;][\/et_pb_post_title][\/et_pb_column][\/et_pb_row][\/et_pb_section][et_pb_section fb_built=&#8221;1&#8243; admin_label=&#8221;section&#8221; _builder_version=&#8221;4.16&#8243; custom_margin=&#8221;50px||50px||false|false&#8221; custom_padding=&#8221;0px||0px||false|false&#8221; da_disable_devices=&#8221;off|off|off&#8221; locked=&#8221;off&#8221; global_colors_info=&#8221;{}&#8221; da_is_popup=&#8221;off&#8221; da_exit_intent=&#8221;off&#8221; da_has_close=&#8221;on&#8221; da_alt_close=&#8221;off&#8221; da_dark_close=&#8221;off&#8221; da_not_modal=&#8221;on&#8221; da_is_singular=&#8221;off&#8221; da_with_loader=&#8221;off&#8221; da_has_shadow=&#8221;on&#8221;][et_pb_row admin_label=&#8221;row&#8221; _builder_version=&#8221;4.16&#8243; background_size=&#8221;initial&#8221; background_position=&#8221;top_left&#8221; background_repeat=&#8221;repeat&#8221; width_tablet=&#8221;90%&#8221; width_phone=&#8221;&#8221; width_last_edited=&#8221;on|tablet&#8221; global_colors_info=&#8221;{}&#8221;][et_pb_column type=&#8221;4_4&#8243; _builder_version=&#8221;4.16&#8243; custom_padding=&#8221;|||&#8221; global_colors_info=&#8221;{}&#8221; custom_padding__hover=&#8221;|||&#8221;][et_pb_text admin_label=&#8221;Text&#8221; _builder_version=&#8221;4.25.1&#8243; background_size=&#8221;initial&#8221; background_position=&#8221;top_left&#8221; background_repeat=&#8221;repeat&#8221; hover_enabled=&#8221;0&#8243; global_colors_info=&#8221;{}&#8221; sticky_enabled=&#8221;0&#8243;]<\/p>\n<p><b>1. POL\u00cdTICA DE PRIVACIDADE<\/b><\/p>\n<p>Em conformidade com o estabelecido pelo RGPD-UE-2016\/679, pela Lei Org\u00e2nica 3\/2018 de Prote\u00e7\u00e3o de Dados Pessoais e Garantia dos Direitos Digitais, pela Lei 34\/2002, atualizada em 09\/05\/2023, de Servi\u00e7os da Sociedade da Informa\u00e7\u00e3o e do Com\u00e9rcio Eletr\u00f3nico, e pela Lei 11\/2022, Geral das Telecomunica\u00e7\u00f5es, <b>METALURGICA MANLLEUENSE SA<\/b> informa os utilizadores dos seus websites de que estamos obrigados a guardar sigilo profissional sobre os dados pessoais recolhidos pela entidade atrav\u00e9s dos formul\u00e1rios de registo ou contacto nas suas p\u00e1ginas. Esta obriga\u00e7\u00e3o continuar\u00e1 mesmo ap\u00f3s o t\u00e9rmino da nossa rela\u00e7\u00e3o comercial ou contratual, e em nenhum caso poderemos tornar p\u00fablicos os dados pessoais dos visitantes e clientes do website sem o seu consentimento.<\/p>\n<p><b>2. CONSENTIMENTO DO TITULAR DOS DADOS:<\/b><\/p>\n<p>Para podermos proceder ao tratamento dos seus dados pessoais, que ser\u00e3o tratados com privacidade e seguran\u00e7a, \u00e9 necess\u00e1rio o seu consentimento em cumprimento do RGPD-UE-2016\/679, e de acordo com os artigos 5, 6, 7 e 13, bem como a Lei Org\u00e2nica 3\/2018, no seu T\u00edtulo II, e a Lei 1\/2019 sobre Segredos Empresariais. Informa-se que o respons\u00e1vel pelo tratamento dos dados ser\u00e1 <b>METALURGICA MANLLEUENSE SA<\/b>, que tratar\u00e1 a informa\u00e7\u00e3o de forma l\u00edcita, leal e transparente em rela\u00e7\u00e3o ao titular dos dados, com finalidades determinadas, expl\u00edcitas e leg\u00edtimas. Os dados e a informa\u00e7\u00e3o ser\u00e3o tratados de forma a garantir uma seguran\u00e7a adequada mediante a aplica\u00e7\u00e3o de medidas t\u00e9cnicas ou organizativas apropriadas.<\/p>\n<p>Os dados apenas ser\u00e3o cedidos por obriga\u00e7\u00e3o legal, e o utilizador tem o direito de apresentar reclama\u00e7\u00e3o junto da Autoridade de Controlo competente.<\/p>\n<p>Em caso de viola\u00e7\u00e3o de seguran\u00e7a dos dados pessoais, nos termos do artigo 33 do RGPD, o respons\u00e1vel pelo tratamento notificar\u00e1 a autoridade de controlo competente, em conformidade com o artigo 55, sem demora injustificada e, sempre que poss\u00edvel, no prazo m\u00e1ximo de 72 horas ap\u00f3s ter tido conhecimento da mesma.<\/p>\n<p>Ao contactar ou registar-se neste website, cede os seus dados pessoais ou jur\u00eddicos para a gest\u00e3o dos seus dados como utilizador, mediante um Check Box ou Bot\u00e3o no formul\u00e1rio de contacto, aceitando os termos e condi\u00e7\u00f5es do tratamento dos seus dados pessoais.<\/p>\n<p>O titular dos dados tem o direito de retirar o seu consentimento a qualquer momento. A retirada do consentimento n\u00e3o afeta a licitude do tratamento baseado no consentimento antes da sua retirada.<\/p>\n<p><b>2.1 CONSENTIMENTO DO MENOR:<\/b><\/p>\n<p>O artigo 6, al\u00ednea f, do RGPD-UE-2016\/679, bem como a Lei Org\u00e2nica 3\/2018 de Prote\u00e7\u00e3o de Dados Pessoais e Garantia dos Direitos Digitais, no seu artigo 84 (prote\u00e7\u00e3o de menores na Internet), estabelecem que menores de 16 anos n\u00e3o podem prestar consentimento para que um com\u00e9rcio online recolha os seus dados pessoais, sendo os seus representantes legais (pais ou tutores) os respons\u00e1veis por faz\u00ea-lo em seu nome, salvo quando o menor tenha pelo menos 16 anos completos, caso em que o seu consentimento ser\u00e1 v\u00e1lido.<\/p>\n<p>Estes dados ser\u00e3o introduzidos num ficheiro automatizado sob a responsabilidade do administrador do website de <b>METALURGICA MANLLEUENSE SA<\/b> com a finalidade de facilitar, agilizar e cumprir os compromissos estabelecidos entre ambas as partes.<\/p>\n<p>O envio dos seus dados atrav\u00e9s dos formul\u00e1rios do nosso website estar\u00e1 obrigatoriamente condicionado \u00e0 leitura e aceita\u00e7\u00e3o da Pol\u00edtica de Privacidade, mediante um check box obrigat\u00f3rio no final do formul\u00e1rio de registo ou contacto.<\/p>\n<p><b>3. POL\u00cdTICA DE LINKS E ISEN\u00c7\u00c3O DE RESPONSABILIDADE<\/b><\/p>\n<p><b>METALURGICA MANLLEUENSE SA<\/b> n\u00e3o se responsabiliza pelo conte\u00fado das p\u00e1ginas web a que o utilizador possa aceder atrav\u00e9s dos links existentes nos seus websites e declara que em nenhum caso examinar\u00e1 nem exercer\u00e1 qualquer tipo de controlo sobre o conte\u00fado de outras p\u00e1ginas da rede.<\/p>\n<p>Do mesmo modo, n\u00e3o garante a disponibilidade t\u00e9cnica, exatid\u00e3o, veracidade, validade ou legalidade de p\u00e1ginas externas \u00e0 sua propriedade \u00e0s quais se possa aceder atrav\u00e9s dos links deste website.<\/p>\n<p><b>METALURGICA MANLLEUENSE SA<\/b> declara ter adotado todas as medidas necess\u00e1rias para evitar quaisquer danos que possam resultar da navega\u00e7\u00e3o no seu website. Consequentemente, <b>METALURGICA MANLLEUENSE SA<\/b> n\u00e3o se responsabiliza, em caso algum, por eventuais danos que o utilizador possa sofrer como consequ\u00eancia da navega\u00e7\u00e3o na Internet.<\/p>\n<p><b>METALURGICA MANLLEUENSE SA<\/b> n\u00e3o se responsabiliza por danos ou preju\u00edzos de qualquer natureza causados ao utilizador que resultem de falhas ou desconex\u00f5es nas redes de telecomunica\u00e7\u00f5es que provoquem a suspens\u00e3o, cancelamento, instala\u00e7\u00e3o ou interrup\u00e7\u00e3o do servi\u00e7o do website durante a sua presta\u00e7\u00e3o ou anteriormente.<\/p>\n<p>O acesso ao website n\u00e3o implica a obriga\u00e7\u00e3o por parte da entidade de controlar a aus\u00eancia de v\u00edrus ou de qualquer outro elemento inform\u00e1tico prejudicial. Compete ao utilizador, em qualquer caso, dispor de ferramentas adequadas para a dete\u00e7\u00e3o, desinfe\u00e7\u00e3o e prote\u00e7\u00e3o contra programas inform\u00e1ticos nocivos.<\/p>\n<p><b>METALURGICA MANLLEUENSE SA<\/b> n\u00e3o se responsabiliza pelos danos causados nos equipamentos inform\u00e1ticos, documentos e\/ou ficheiros dos utilizadores ou de terceiros durante a presta\u00e7\u00e3o do servi\u00e7o neste portal web.<\/p>\n<p><b>4. PUBLICIDADE<\/b><\/p>\n<p>O website poder\u00e1 alojar conte\u00fados publicit\u00e1rios ou patrocinados. Os anunciantes ou patrocinadores s\u00e3o os \u00fanicos respons\u00e1veis por assegurar que o material enviado para inclus\u00e3o no website cumpre com a legisla\u00e7\u00e3o aplic\u00e1vel em cada caso.<\/p>\n<p><b>METALURGICA MANLLEUENSE SA<\/b> n\u00e3o ser\u00e1 respons\u00e1vel por quaisquer erros, inexatid\u00f5es ou irregularidades que possam existir nos conte\u00fados publicit\u00e1rios ou patrocinados neste website.<\/p>\n<p><b>5. NEWSLETTER:<\/b><\/p>\n<p>Em conformidade com a legisla\u00e7\u00e3o em vigor em mat\u00e9ria de prote\u00e7\u00e3o de dados pessoais, informamos que o endere\u00e7o de correio eletr\u00f3nico que nos forneceu ser\u00e1 incorporado num ficheiro sob a responsabilidade de <b>METALURGICA MANLLEUENSE SA<\/b>, com a finalidade de processar o seu pedido de subscri\u00e7\u00e3o e enviar-lhe periodicamente a nossa Newsletter.<\/p>\n<p>Informamos ainda que poder\u00e1 revogar a qualquer momento o consentimento prestado, cancelando a sua subscri\u00e7\u00e3o da Newsletter, enviando um e-mail para <a href=\"mailto:acosta@metmann.com\">acosta@metmann.com<\/a>. A confirma\u00e7\u00e3o da subscri\u00e7\u00e3o implica a aceita\u00e7\u00e3o desta cl\u00e1usula.<\/p>\n<p><b>6. MODIFICA\u00c7\u00d5ES<\/b><\/p>\n<p><b>METALURGICA MANLLEUENSE SA<\/b> reserva-se o direito de efetuar as modifica\u00e7\u00f5es que considerar oportunas, sem aviso pr\u00e9vio, no conte\u00fado do seu website, tanto no que diz respeito aos conte\u00fados como \u00e0s condi\u00e7\u00f5es de utiliza\u00e7\u00e3o ou condi\u00e7\u00f5es gerais de contrata\u00e7\u00e3o. Essas modifica\u00e7\u00f5es poder\u00e3o ser realizadas atrav\u00e9s dos seus websites por qualquer meio legalmente admiss\u00edvel e ser\u00e3o obrigat\u00f3rias durante o tempo em que estiverem publicadas no website e at\u00e9 serem substitu\u00eddas por outras posteriores.<\/p>\n<p><b>7. PROPRIEDADE INTELECTUAL<\/b><\/p>\n<p>Os direitos de propriedade intelectual e industrial decorrentes de todos os textos, imagens, bem como dos meios e formas de apresenta\u00e7\u00e3o e composi\u00e7\u00e3o das suas p\u00e1ginas pertencem, por si mesmos ou como cession\u00e1ria, a <b>METALURGICA MANLLEUENSE SA<\/b>.<\/p>\n<p>S\u00e3o, portanto, obras protegidas pela legisla\u00e7\u00e3o espanhola em mat\u00e9ria de propriedade intelectual, sendo aplic\u00e1veis tanto as normas espanholas e comunit\u00e1rias neste dom\u00ednio como os tratados internacionais relativos \u00e0 mat\u00e9ria e subscritos por Espanha, Real Decreto Legislativo 1\/1996, \u00faltima atualiza\u00e7\u00e3o de 30\/03\/2023.<\/p>\n<p>Diretiva (UE) 2019\/790 do Parlamento Europeu e do Conselho de 17 de abril de 2019 relativa aos direitos de autor e direitos conexos no mercado \u00fanico digital.<\/p>\n<p>Todos os direitos reservados. Em conformidade com a Lei da Propriedade Intelectual, fica expressamente proibida a reprodu\u00e7\u00e3o, distribui\u00e7\u00e3o, comunica\u00e7\u00e3o p\u00fablica e utiliza\u00e7\u00e3o da totalidade ou parte dos conte\u00fados das suas p\u00e1ginas web sem o consentimento expl\u00edcito de <b>METALURGICA MANLLEUENSE SA<\/b>.<\/p>\n<p>Do mesmo modo, <b>METALURGICA MANLLEUENSE SA<\/b> reserva-se o direito de interpor as a\u00e7\u00f5es civis ou penais que considerar oportunas pela utiliza\u00e7\u00e3o indevida das suas p\u00e1ginas web e conte\u00fados ou pelo incumprimento destas condi\u00e7\u00f5es.<\/p>\n<p><b>8. A\u00c7\u00d5ES LEGAIS, LEGISLA\u00c7\u00c3O APLIC\u00c1VEL E JURISDI\u00c7\u00c3O<\/b><\/p>\n<p>A rela\u00e7\u00e3o entre os utilizadores e <b>METALURGICA MANLLEUENSE SA<\/b> ser\u00e1 regida pela legisla\u00e7\u00e3o espanhola em vigor e ser\u00e3o competentes para decidir qualquer controv\u00e9rsia que possa surgir entre o utilizador e <b>METALURGICA MANLLEUENSE SA<\/b> os tribunais do foro judicial da localidade de VIC.<\/p>\n<p><b>9. RESERVA DE COOKIES<\/b><\/p>\n<p><b>METALURGICA MANLLEUENSE SA<\/b> utiliza cookies e outras tecnologias semelhantes que armazenam e recuperam informa\u00e7\u00f5es quando navega. Estas tecnologias podem servir para diversas finalidades, como reconhecer um utilizador e obter informa\u00e7\u00f5es sobre os seus h\u00e1bitos de navega\u00e7\u00e3o. Os usos espec\u00edficos destas tecnologias s\u00e3o descritos na Pol\u00edtica de Cookies. De acordo com a pol\u00edtica de prote\u00e7\u00e3o de dados da entidade, <b>METALURGICA MANLLEUENSE SA<\/b> informa que os cookies est\u00e3o associados a um utilizador an\u00f3nimo e ao seu dispositivo e n\u00e3o fornecem, por si s\u00f3, dados pessoais.<\/p>\n<p>A informa\u00e7\u00e3o da nossa \u201cpol\u00edtica de cookies\u201d informa o utilizador sobre o tempo durante o qual estes cookies permanecer\u00e3o ativos no seu dispositivo e sobre a possibilidade de terceiros acederem \u00e0s informa\u00e7\u00f5es que armazenam. Por isso, foi modificado o artigo 5.\u00ba, n.\u00ba 3, da Diretiva 2002\/58 pela Diretiva 2009\/136, e posteriormente pelas orienta\u00e7\u00f5es da AEPD.<\/p>\n<p>As \u00faltimas orienta\u00e7\u00f5es da AEPD de julho de 2023, que incorporam os crit\u00e9rios do Comit\u00e9 Europeu para a Prote\u00e7\u00e3o de Dados (CEPD), estabelecem que as op\u00e7\u00f5es de aceitar ou rejeitar cookies devem estar ao mesmo n\u00edvel, sem tornar mais dif\u00edcil rejeit\u00e1-los do que aceit\u00e1-los. O utilizador tem a possibilidade de aceitar ou rejeitar explicitamente o uso de cookies e obter mais informa\u00e7\u00f5es. Adicionalmente, pode configurar o seu navegador para ser informado da rece\u00e7\u00e3o de cookies, com a possibilidade, se assim o desejar, de impedir a sua instala\u00e7\u00e3o no disco r\u00edgido.<\/p>\n<p><b>10. EXERC\u00cdCIO DE DIREITOS:<\/b><\/p>\n<p>Estes dados ser\u00e3o introduzidos num ficheiro automatizado sob a responsabilidade do administrador do website de <b>METALURGICA MANLLEUENSE SA<\/b> com a finalidade de facilitar, agilizar e cumprir os compromissos estabelecidos entre ambas as partes. Al\u00e9m disso, <b>METALURGICA MANLLEUENSE SA<\/b> informa da possibilidade de exercer os direitos de acesso, que permitem ao utilizador conhecer quais os dados pessoais que o administrador possui e, se for o caso, obter resposta no prazo de 30 dias; retifica\u00e7\u00e3o, que permite corrigir erros ou dados incompletos; oposi\u00e7\u00e3o, que permite impedir o tratamento; elimina\u00e7\u00e3o, que permite apagar dados inadequados ou excessivos; limita\u00e7\u00e3o, que permite restringir o tratamento ap\u00f3s exercer o direito de retifica\u00e7\u00e3o; e portabilidade, para obter uma c\u00f3pia dos dados fornecidos e transmiti-los a outros servi\u00e7os. Estes direitos poder\u00e3o ser exercidos por qualquer meio que permita comprovar o envio e rece\u00e7\u00e3o, para o endere\u00e7o do administrador do website ou para o e-mail <a href=\"mailto:acosta@metmann.com\">acosta@metmann.com<\/a>, mediante prova de identidade. Os interessados poder\u00e3o apresentar reclama\u00e7\u00e3o junto das Autoridades de Controlo AEPD, ACPD e AVPD.<\/p>\n<p>Estas cl\u00e1usulas foram elaboradas por <b>GRUP QUALIA<\/b>, sendo concedido um certificado em formato de imagem digital para exposi\u00e7\u00e3o no seu website.<\/p>\n<p>Atualizada: 15\/04\/2026.<\/p>\n<p>[\/et_pb_text][et_pb_image src=&#8221;https:\/\/www.metmann.com\/wp-content\/uploads\/2025\/06\/12-sellolssi.png&#8221; title_text=&#8221;12-sellolssi&#8221; _builder_version=&#8221;4.25.1&#8243; _module_preset=&#8221;default&#8221; global_colors_info=&#8221;{}&#8221;][\/et_pb_image][\/et_pb_column][\/et_pb_row][\/et_pb_section]<\/p>\n","protected":false},"excerpt":{"rendered":"<p><span><span><a href=\"https:\/\/www.metmann.com\/pt-pt\/\">Inicio<\/a><\/span><\/span>1. POL\u00cdTICA DE PRIVACIDADE Em conformidade com o estabelecido pelo RGPD-UE-2016\/679, pela Lei Org\u00e2nica 3\/2018 de Prote\u00e7\u00e3o de Dados Pessoais e Garantia dos Direitos Digitais, pela Lei 34\/2002, atualizada em 09\/05\/2023, de Servi\u00e7os da Sociedade da Informa\u00e7\u00e3o e do Com\u00e9rcio Eletr\u00f3nico, e pela Lei 11\/2022, Geral das Telecomunica\u00e7\u00f5es, METALURGICA MANLLEUENSE SA informa os utilizadores dos [&hellip;]<\/p>\n","protected":false},"author":1,"featured_media":0,"parent":0,"menu_order":0,"comment_status":"closed","ping_status":"closed","template":"","meta":{"_acf_changed":false,"_et_pb_use_builder":"on","_et_pb_old_content":"","_et_gb_content_width":"","_joinchat":[],"footnotes":""},"acf":[],"yoast_head":"<!-- This site is optimized with the Yoast SEO plugin v22.6 - https:\/\/yoast.com\/wordpress\/plugins\/seo\/ -->\r\n<title>POL\u00cdTICA DE PRIVACIDADE E PROTE\u00c7\u00c3O DE DADOS | MET MANN<\/title>\r\n<meta name=\"robots\" content=\"index, follow, max-snippet:-1, max-image-preview:large, max-video-preview:-1\" \/>\r\n<link rel=\"canonical\" href=\"https:\/\/www.metmann.com\/pt-pt\/politica-de-privacidad\/\" \/>\r\n<meta property=\"og:locale\" content=\"pt_PT\" \/>\r\n<meta property=\"og:type\" content=\"article\" \/>\r\n<meta property=\"og:title\" content=\"POL\u00cdTICA DE PRIVACIDADE E PROTE\u00c7\u00c3O DE DADOS | MET MANN\" \/>\r\n<meta property=\"og:description\" content=\"1. POL\u00cdTICA DE PRIVACIDADE Em conformidade com o estabelecido pelo RGPD-UE-2016\/679, pela Lei Org\u00e2nica 3\/2018 de Prote\u00e7\u00e3o de Dados Pessoais e Garantia dos Direitos Digitais, pela Lei 34\/2002, atualizada em 09\/05\/2023, de Servi\u00e7os da Sociedade da Informa\u00e7\u00e3o e do Com\u00e9rcio Eletr\u00f3nico, e pela Lei 11\/2022, Geral das Telecomunica\u00e7\u00f5es, METALURGICA MANLLEUENSE SA informa os utilizadores dos [&hellip;]\" \/>\r\n<meta property=\"og:url\" content=\"https:\/\/www.metmann.com\/pt-pt\/politica-de-privacidad\/\" \/>\r\n<meta property=\"og:site_name\" content=\"MET MANN\" \/>\r\n<meta property=\"article:modified_time\" content=\"2026-04-24T07:31:13+00:00\" \/>\r\n<meta name=\"twitter:card\" content=\"summary_large_image\" \/>\r\n<meta name=\"twitter:label1\" content=\"Tempo estimado de leitura\" \/>\n\t<meta name=\"twitter:data1\" content=\"5 minutos\" \/>\r\n<script type=\"application\/ld+json\" class=\"yoast-schema-graph\">{\"@context\":\"https:\/\/schema.org\",\"@graph\":[{\"@type\":\"WebPage\",\"@id\":\"https:\/\/www.metmann.com\/pt-pt\/politica-de-privacidad\/\",\"url\":\"https:\/\/www.metmann.com\/pt-pt\/politica-de-privacidad\/\",\"name\":\"POL\u00cdTICA DE PRIVACIDADE E PROTE\u00c7\u00c3O DE DADOS | MET MANN\",\"isPartOf\":{\"@id\":\"https:\/\/www.metmann.com\/pt-pt\/#website\"},\"datePublished\":\"2020-02-17T09:27:38+00:00\",\"dateModified\":\"2026-04-24T07:31:13+00:00\",\"breadcrumb\":{\"@id\":\"https:\/\/www.metmann.com\/pt-pt\/politica-de-privacidad\/#breadcrumb\"},\"inLanguage\":\"pt-PT\",\"potentialAction\":[{\"@type\":\"ReadAction\",\"target\":[\"https:\/\/www.metmann.com\/pt-pt\/politica-de-privacidad\/\"]}]},{\"@type\":\"BreadcrumbList\",\"@id\":\"https:\/\/www.metmann.com\/pt-pt\/politica-de-privacidad\/#breadcrumb\",\"itemListElement\":[{\"@type\":\"ListItem\",\"position\":1,\"name\":\"Inicio\",\"item\":\"https:\/\/www.metmann.com\/pt-pt\/\"},{\"@type\":\"ListItem\",\"position\":2,\"name\":\"POL\u00cdTICA DE PRIVACIDADE E PROTE\u00c7\u00c3O DE DADOS\"}]},{\"@type\":\"WebSite\",\"@id\":\"https:\/\/www.metmann.com\/pt-pt\/#website\",\"url\":\"https:\/\/www.metmann.com\/pt-pt\/\",\"name\":\"MET MANN\",\"description\":\"Climatizaci\u00f3n industrial, Calefactores y Ventilaci\u00f3n para empresas\",\"publisher\":{\"@id\":\"https:\/\/www.metmann.com\/pt-pt\/#organization\"},\"potentialAction\":[{\"@type\":\"SearchAction\",\"target\":{\"@type\":\"EntryPoint\",\"urlTemplate\":\"https:\/\/www.metmann.com\/pt-pt\/?s={search_term_string}\"},\"query-input\":\"required name=search_term_string\"}],\"inLanguage\":\"pt-PT\"},{\"@type\":\"Organization\",\"@id\":\"https:\/\/www.metmann.com\/pt-pt\/#organization\",\"name\":\"Met Mann\",\"url\":\"https:\/\/www.metmann.com\/pt-pt\/\",\"logo\":{\"@type\":\"ImageObject\",\"inLanguage\":\"pt-PT\",\"@id\":\"https:\/\/www.metmann.com\/pt-pt\/#\/schema\/logo\/image\/\",\"url\":\"https:\/\/www.metmann.com\/wp-content\/uploads\/2021\/12\/logo-color-met-mann-01.jpg\",\"contentUrl\":\"https:\/\/www.metmann.com\/wp-content\/uploads\/2021\/12\/logo-color-met-mann-01.jpg\",\"width\":351,\"height\":133,\"caption\":\"Met Mann\"},\"image\":{\"@id\":\"https:\/\/www.metmann.com\/pt-pt\/#\/schema\/logo\/image\/\"}}]}<\/script>\r\n<!-- \/ Yoast SEO plugin. -->","yoast_head_json":{"title":"POL\u00cdTICA DE PRIVACIDADE E PROTE\u00c7\u00c3O DE DADOS | MET MANN","robots":{"index":"index","follow":"follow","max-snippet":"max-snippet:-1","max-image-preview":"max-image-preview:large","max-video-preview":"max-video-preview:-1"},"canonical":"https:\/\/www.metmann.com\/pt-pt\/politica-de-privacidad\/","og_locale":"pt_PT","og_type":"article","og_title":"POL\u00cdTICA DE PRIVACIDADE E PROTE\u00c7\u00c3O DE DADOS | MET MANN","og_description":"1. POL\u00cdTICA DE PRIVACIDADE Em conformidade com o estabelecido pelo RGPD-UE-2016\/679, pela Lei Org\u00e2nica 3\/2018 de Prote\u00e7\u00e3o de Dados Pessoais e Garantia dos Direitos Digitais, pela Lei 34\/2002, atualizada em 09\/05\/2023, de Servi\u00e7os da Sociedade da Informa\u00e7\u00e3o e do Com\u00e9rcio Eletr\u00f3nico, e pela Lei 11\/2022, Geral das Telecomunica\u00e7\u00f5es, METALURGICA MANLLEUENSE SA informa os utilizadores dos [&hellip;]","og_url":"https:\/\/www.metmann.com\/pt-pt\/politica-de-privacidad\/","og_site_name":"MET MANN","article_modified_time":"2026-04-24T07:31:13+00:00","twitter_card":"summary_large_image","twitter_misc":{"Tempo estimado de leitura":"5 minutos"},"schema":{"@context":"https:\/\/schema.org","@graph":[{"@type":"WebPage","@id":"https:\/\/www.metmann.com\/pt-pt\/politica-de-privacidad\/","url":"https:\/\/www.metmann.com\/pt-pt\/politica-de-privacidad\/","name":"POL\u00cdTICA DE PRIVACIDADE E PROTE\u00c7\u00c3O DE DADOS | MET MANN","isPartOf":{"@id":"https:\/\/www.metmann.com\/pt-pt\/#website"},"datePublished":"2020-02-17T09:27:38+00:00","dateModified":"2026-04-24T07:31:13+00:00","breadcrumb":{"@id":"https:\/\/www.metmann.com\/pt-pt\/politica-de-privacidad\/#breadcrumb"},"inLanguage":"pt-PT","potentialAction":[{"@type":"ReadAction","target":["https:\/\/www.metmann.com\/pt-pt\/politica-de-privacidad\/"]}]},{"@type":"BreadcrumbList","@id":"https:\/\/www.metmann.com\/pt-pt\/politica-de-privacidad\/#breadcrumb","itemListElement":[{"@type":"ListItem","position":1,"name":"Inicio","item":"https:\/\/www.metmann.com\/pt-pt\/"},{"@type":"ListItem","position":2,"name":"POL\u00cdTICA DE PRIVACIDADE E PROTE\u00c7\u00c3O DE DADOS"}]},{"@type":"WebSite","@id":"https:\/\/www.metmann.com\/pt-pt\/#website","url":"https:\/\/www.metmann.com\/pt-pt\/","name":"MET MANN","description":"Climatizaci\u00f3n industrial, Calefactores y Ventilaci\u00f3n para empresas","publisher":{"@id":"https:\/\/www.metmann.com\/pt-pt\/#organization"},"potentialAction":[{"@type":"SearchAction","target":{"@type":"EntryPoint","urlTemplate":"https:\/\/www.metmann.com\/pt-pt\/?s={search_term_string}"},"query-input":"required name=search_term_string"}],"inLanguage":"pt-PT"},{"@type":"Organization","@id":"https:\/\/www.metmann.com\/pt-pt\/#organization","name":"Met Mann","url":"https:\/\/www.metmann.com\/pt-pt\/","logo":{"@type":"ImageObject","inLanguage":"pt-PT","@id":"https:\/\/www.metmann.com\/pt-pt\/#\/schema\/logo\/image\/","url":"https:\/\/www.metmann.com\/wp-content\/uploads\/2021\/12\/logo-color-met-mann-01.jpg","contentUrl":"https:\/\/www.metmann.com\/wp-content\/uploads\/2021\/12\/logo-color-met-mann-01.jpg","width":351,"height":133,"caption":"Met Mann"},"image":{"@id":"https:\/\/www.metmann.com\/pt-pt\/#\/schema\/logo\/image\/"}}]}},"_links":{"self":[{"href":"https:\/\/www.metmann.com\/pt-pt\/wp-json\/wp\/v2\/pages\/19289"}],"collection":[{"href":"https:\/\/www.metmann.com\/pt-pt\/wp-json\/wp\/v2\/pages"}],"about":[{"href":"https:\/\/www.metmann.com\/pt-pt\/wp-json\/wp\/v2\/types\/page"}],"author":[{"embeddable":true,"href":"https:\/\/www.metmann.com\/pt-pt\/wp-json\/wp\/v2\/users\/1"}],"replies":[{"embeddable":true,"href":"https:\/\/www.metmann.com\/pt-pt\/wp-json\/wp\/v2\/comments?post=19289"}],"version-history":[{"count":2,"href":"https:\/\/www.metmann.com\/pt-pt\/wp-json\/wp\/v2\/pages\/19289\/revisions"}],"predecessor-version":[{"id":35373,"href":"https:\/\/www.metmann.com\/pt-pt\/wp-json\/wp\/v2\/pages\/19289\/revisions\/35373"}],"wp:attachment":[{"href":"https:\/\/www.metmann.com\/pt-pt\/wp-json\/wp\/v2\/media?parent=19289"}],"curies":[{"name":"wp","href":"https:\/\/api.w.org\/{rel}","templated":true}]}}